{"id":2130,"date":"2023-03-15T17:18:13","date_gmt":"2023-03-15T16:18:13","guid":{"rendered":"https:\/\/crown.mijaros.cz\/?page_id=2130"},"modified":"2023-03-28T21:29:03","modified_gmt":"2023-03-28T19:29:03","slug":"gdpr","status":"publish","type":"page","link":"https:\/\/crown.cz\/en\/gdpr\/","title":{"rendered":"GDPR"},"content":{"rendered":"<div data-elementor-type=\"wp-page\" data-elementor-id=\"2130\" class=\"elementor elementor-2130\">\n\t\t\t\t\t\t<section class=\"elementor-section elementor-top-section elementor-element elementor-element-c419073 elementor-section-boxed elementor-section-height-default elementor-section-height-default\" data-id=\"c419073\" data-element_type=\"section\">\n\t\t\t\t\t\t<div class=\"elementor-container elementor-column-gap-default\">\n\t\t\t\t\t<div class=\"elementor-column elementor-col-100 elementor-top-column elementor-element elementor-element-37669bc\" data-id=\"37669bc\" data-element_type=\"column\">\n\t\t\t<div class=\"elementor-widget-wrap elementor-element-populated\">\n\t\t\t\t\t\t<div class=\"elementor-element elementor-element-6abb0e0 elementor-widget elementor-widget-heading\" data-id=\"6abb0e0\" data-element_type=\"widget\" data-widget_type=\"heading.default\">\n\t\t\t\t<div class=\"elementor-widget-container\">\n\t\t\t\t\t<h2 class=\"elementor-heading-title elementor-size-default\">Souhlas se zpracov\u00e1n\u00edm osobn\u00edch \u00fadaj\u016f<\/h2>\t\t\t\t<\/div>\n\t\t\t\t<\/div>\n\t\t\t\t<div class=\"elementor-element elementor-element-9f475e3 elementor-widget elementor-widget-text-editor\" data-id=\"9f475e3\" data-element_type=\"widget\" data-widget_type=\"text-editor.default\">\n\t\t\t\t<div class=\"elementor-widget-container\">\n\t\t\t\t\t\t\t\t\t<ol>\n<li>Ud\u011blujete t\u00edmto dobrovoln\u011b souhlas po\u0159adateli Crown CZ a.s., I\u010c 26072106 (d\u00e1le jen \u201eSpr\u00e1vce\u201c), aby ve smyslu z\u00e1kona \u010d.101\/2000 Sb., o ochran\u011b osobn\u00edch \u00fadaj\u016f (d\u00e1le jen \u201ez\u00e1kon o ochran\u011b osobn\u00edch \u00fadaj\u016f\u201c) zpracov\u00e1vala tyto osobn\u00ed \u00fadaje:\n<ul>\n<li>jm\u00e9no a p\u0159\u00edjmen\u00ed<\/li>\n<li>I\u010cO a DI\u010c<\/li>\n<li>telefonn\u00ed \u010d\u00edslo  <\/li>\n<li>e-mailov\u00e1 adresa <\/li>\n<\/ul>\n<\/li>\n<li>Jm\u00e9no, p\u0159\u00edjmen\u00ed, I\u010cO, DI\u010c, telefonn\u00ed \u010d\u00edslo a e-mailovou adresu je nutn\u00e9 zpracovat:\n<ol type=\"a\">\n<li>za \u00fa\u010delem registrace, evidence a p\u0159\u00edstupu k podklad\u016fm spole\u010dnosti kter\u00e9 spravuje Spr\u00e1vce.<\/li>\n<li>pro marketingov\u00e9 \u00fa\u010dely Spr\u00e1vce, tj. zejm\u00e9na zve\u0159ej\u0148ov\u00e1n\u00ed informac\u00ed o pr\u016fb\u011b\u017en\u00e9 \u010dinnosti Spr\u00e1vce.<\/li>\n<\/ol>\nTyto \u00fadaje budou Spr\u00e1vcem zpracov\u00e1v\u00e1ny po dobu 20 let ode dne ud\u011blen\u00ed souhlasu.\n<\/li>\n\n\n<li>S v\u00fd\u0161e uveden\u00fdm zpracov\u00e1n\u00edm ud\u011blujete sv\u016fj v\u00fdslovn\u00fd souhlas a prohla\u0161ujete, \u017ee poskytnut\u00e9 osobn\u00ed \u00fadaje jsou pravdiv\u00e9. Souhlas lze vz\u00edt kdykoliv zp\u011bt, zasl\u00e1n\u00edm emailu nebo dopisu Spr\u00e1vci.<\/li>\n\n<li>Osobn\u00ed \u00fadaje bude Spr\u00e1vce zpracov\u00e1vat manu\u00e1ln\u011b nebo automaticky prost\u0159ednictv\u00edm sv\u00fdch zam\u011bstnanc\u016f nebo dal\u0161\u00edch po\u0159adatel\u016f pov\u011b\u0159en\u00fdch Spr\u00e1vcem. Pro Spr\u00e1vce mohou data zpracov\u00e1vat p\u0159\u00edpadn\u011b i dal\u0161\u00ed poskytovatel\u00e9 zpracovatelsk\u00fdch softwar\u016f, slu\u017eeb a aplikac\u00ed, kter\u00e9 v\u0161ak v sou\u010dasn\u00e9 dob\u011b Spr\u00e1vce nevyu\u017e\u00edv\u00e1.<\/li>\n\n<li>Vezm\u011bte, pros\u00edme, na v\u011bdom\u00ed, \u017ee podle z\u00e1kona o ochran\u011b osobn\u00edch \u00fadaj\u016f m\u00e1te pr\u00e1vo:<\/li>\n<ul>\n<li>vz\u00edt v\u00e1\u0161 souhlas kdykoliv zp\u011bt,<\/li>\n<li>po\u017eadovat po n\u00e1s informaci, jak\u00e9 va\u0161e osobn\u00ed \u00fadaje zpracov\u00e1v\u00e1me,<\/li>\n<li>po\u017eadovat po n\u00e1s vysv\u011btlen\u00ed ohledn\u011b zpracov\u00e1n\u00ed osobn\u00edch \u00fadaj\u016f,<\/li>\n<li>vy\u017e\u00e1dat si u n\u00e1s p\u0159\u00edstup k t\u011bmto \u00fadaj\u016fm a tyto nechat aktualizovat nebo opravit,<\/li>\n<li>po\u017eadovat po n\u00e1s v\u00fdmaz t\u011bchto osobn\u00edch \u00fadaj\u016f,<\/li>\n<li>v p\u0159\u00edpad\u011b pochybnost\u00ed o dodr\u017eov\u00e1n\u00ed povinnost\u00ed souvisej\u00edc\u00edch se zpracov\u00e1n\u00edm osobn\u00edch \u00fadaj\u016f obr\u00e1tit se na n\u00e1s nebo na \u00da\u0159ad pro ochranu osobn\u00edch \u00fadaj\u016f.<\/li>\n<\/ul>\n<\/ol>\n\t\t\t\t\t\t\t\t<\/div>\n\t\t\t\t<\/div>\n\t\t\t\t\t<\/div>\n\t\t<\/div>\n\t\t\t\t\t<\/div>\n\t\t<\/section>\n\t\t\t\t<\/div>","protected":false},"excerpt":{"rendered":"<p>Souhlas se zpracov\u00e1n\u00edm osobn\u00edch \u00fadaj\u016f Ud\u011blujete t\u00edmto dobrovoln\u011b souhlas po\u0159adateli Crown CZ a.s., I\u010c 26072106 (d\u00e1le jen \u201eSpr\u00e1vce\u201c), aby ve smyslu z\u00e1kona \u010d.101\/2000 Sb., o ochran\u011b osobn\u00edch \u00fadaj\u016f (d\u00e1le jen \u201ez\u00e1kon o ochran\u011b osobn\u00edch \u00fadaj\u016f\u201c) zpracov\u00e1vala tyto osobn\u00ed \u00fadaje: jm\u00e9no a p\u0159\u00edjmen\u00ed I\u010cO a DI\u010c telefonn\u00ed \u010d\u00edslo e-mailov\u00e1 adresa Jm\u00e9no, p\u0159\u00edjmen\u00ed, I\u010cO, DI\u010c, telefonn\u00ed \u010d\u00edslo &hellip;<\/p>\n<p class=\"read-more\"> <a class=\"\" href=\"https:\/\/crown.cz\/en\/gdpr\/\"> <span class=\"screen-reader-text\">GDPR<\/span> Read More &raquo;<\/a><\/p>","protected":false},"author":1,"featured_media":0,"parent":0,"menu_order":0,"comment_status":"closed","ping_status":"closed","template":"","meta":{"_uag_custom_page_level_css":"","site-sidebar-layout":"no-sidebar","site-content-layout":"page-builder","ast-site-content-layout":"","site-content-style":"default","site-sidebar-style":"default","ast-global-header-display":"","ast-banner-title-visibility":"","ast-main-header-display":"","ast-hfb-above-header-display":"","ast-hfb-below-header-display":"","ast-hfb-mobile-header-display":"","site-post-title":"disabled","ast-breadcrumbs-content":"","ast-featured-img":"disabled","footer-sml-layout":"","theme-transparent-header-meta":"","adv-header-id-meta":"","stick-header-meta":"","header-above-stick-meta":"","header-main-stick-meta":"","header-below-stick-meta":"","astra-migrate-meta-layouts":"","footnotes":""},"class_list":["post-2130","page","type-page","status-publish","hentry"],"uagb_featured_image_src":{"full":false,"thumbnail":false,"medium":false,"medium_large":false,"large":false,"1536x1536":false,"2048x2048":false,"trp-custom-language-flag":false},"uagb_author_info":{"display_name":"admin","author_link":"https:\/\/crown.cz\/en\/author\/admin\/"},"uagb_comment_info":0,"uagb_excerpt":"Souhlas se zpracov\u00e1n\u00edm osobn\u00edch \u00fadaj\u016f Ud\u011blujete t\u00edmto dobrovoln\u011b souhlas po\u0159adateli Crown CZ a.s., I\u010c 26072106 (d\u00e1le jen \u201eSpr\u00e1vce\u201c), aby ve smyslu z\u00e1kona \u010d.101\/2000 Sb., o ochran\u011b osobn\u00edch \u00fadaj\u016f (d\u00e1le jen \u201ez\u00e1kon o ochran\u011b osobn\u00edch \u00fadaj\u016f\u201c) zpracov\u00e1vala tyto osobn\u00ed \u00fadaje: jm\u00e9no a p\u0159\u00edjmen\u00ed I\u010cO a DI\u010c telefonn\u00ed \u010d\u00edslo e-mailov\u00e1 adresa Jm\u00e9no, p\u0159\u00edjmen\u00ed, I\u010cO, DI\u010c, telefonn\u00ed \u010d\u00edslo&hellip;","_links":{"self":[{"href":"https:\/\/crown.cz\/en\/wp-json\/wp\/v2\/pages\/2130","targetHints":{"allow":["GET"]}}],"collection":[{"href":"https:\/\/crown.cz\/en\/wp-json\/wp\/v2\/pages"}],"about":[{"href":"https:\/\/crown.cz\/en\/wp-json\/wp\/v2\/types\/page"}],"author":[{"embeddable":true,"href":"https:\/\/crown.cz\/en\/wp-json\/wp\/v2\/users\/1"}],"replies":[{"embeddable":true,"href":"https:\/\/crown.cz\/en\/wp-json\/wp\/v2\/comments?post=2130"}],"version-history":[{"count":10,"href":"https:\/\/crown.cz\/en\/wp-json\/wp\/v2\/pages\/2130\/revisions"}],"predecessor-version":[{"id":2214,"href":"https:\/\/crown.cz\/en\/wp-json\/wp\/v2\/pages\/2130\/revisions\/2214"}],"wp:attachment":[{"href":"https:\/\/crown.cz\/en\/wp-json\/wp\/v2\/media?parent=2130"}],"curies":[{"name":"wp","href":"https:\/\/api.w.org\/{rel}","templated":true}]}}